{"id":20945,"date":"2024-08-05T23:17:16","date_gmt":"2024-08-05T21:17:16","guid":{"rendered":"https:\/\/skmed.mymon.name\/index.php\/produkt\/voskova-sviecka-tenka-zdobena\/"},"modified":"2024-08-05T23:17:16","modified_gmt":"2024-08-05T21:17:16","slug":"voskova-sviecka-tenka-zdobena","status":"publish","type":"product","link":"https:\/\/skmed.mymon.name\/index.php\/produkt\/voskova-sviecka-tenka-zdobena\/","title":{"rendered":"Voskov\u00e1 svie\u010dka &#8211; Tenk\u00e1, zdoben\u00e1"},"content":{"rendered":"<p style=\"text-align: justify;\"><span style=\"color: #000000;\">Voskov\u00e1 svie\u010dka &#8211; Tenk\u00e1, zdoben\u00e1 zo 100% pr\u00edrodn\u00e9ho v\u010delieho vosku, vlastnej produkcie a v\u00fdroby. Svie\u010dka je ru\u010dne vyroben\u00e1 rokmi overenou recept\u00farou a technol\u00f3giou priamo v\u010del\u00e1rom. Svie\u010dka obsahuje iba \u010disto pr\u00edrodn\u00fd vosk vyprodukovan\u00fd vlastn\u00fdmi v\u010delami na vlastnej v\u010delnici a bavlnen\u00fd kn\u00f4t. Svie\u010dka neobsahuje \u017eiadnu pr\u00edmes farbiva alebo inej chemik\u00e1lii iba \u010disto 100% pr\u00edrodn\u00fd vosk vyprodukovan\u00fd v\u010delou medonosnou a 100% bavlnen\u00fd kn\u00f4t.<\/span><\/p>\n<p style=\"text-align: justify;\"><span style=\"color: #000000;\">Farba svie\u010dky sa m\u00f4\u017ee oproti fotke mierne l\u00ed\u0161i\u0165, farba svie\u010dky kop\u00edruje r\u00f4zne odtiene pr\u00edrodn\u00e9ho v\u010delieho vosku, ktor\u00fd nebol chemicky \u010disten\u00fd ani do neho prid\u00e1van\u00e1 \u017eiadna v\u00f4\u0148a alebo farba.<\/span><\/p>\n<p><span style=\"color: #000000;\"> Vosk z ktor\u00e9ho je svie\u010dka vyroben\u00e1<span style=\"color: #000000;\"> <span style=\"color: #000000;\"><span style=\"color: #000000;\"><span style=\"color: #000000;\">poch\u00e1dza z vlastnej produkcie z \u010dist\u00e9ho prostredia na\u0161ich v\u010deln\u00edc ktor\u00e9 sa nach\u00e1dzaj\u00fa na juhu stredn\u00e9ho Slovenska v katastri obci Dolinka, viac inform\u00e1ci\u00ed o na\u0161ich v\u010delniciach n\u00e1jdete na tejto str\u00e1nke tu<\/span> <a href=\"nase-vcelnice\" target=\"_blank\" title=\"Na\u0161e v\u010delnice\" rel=\"noopener\">NA\u0160E V\u010cELNICE<\/a>.<\/span><\/span><\/span><\/p>\n<p><span style=\"color: #000000;\"><span style=\"color: #000000;\">Trad\u00edcia v\u010del\u00e1renia je v na\u0161ej rodine zachovan\u00e1 u\u017e od roku 1944,<\/span> \u010do pre spotrebite\u013ea zaru\u010duje najvy\u0161\u0161iu kvalitu voskov\u00fdch svie\u010dok ak\u00fa m\u00f4\u017ee dosta\u0165.<\/span><\/span><\/p>\n<p><span style=\"color: #000000;\"><br \/><\/span><strong>Parametre svie\u010dky:<\/strong><br \/>V\u00fd\u0161ka: pribli\u017ene 23 cm<br \/> Priemer: pribli\u017ene 2 cm<br \/> V\u00e1ha: pribli\u017ene 40 g<span style=\"color: #000000;\"><br \/><\/span><\/p>\n<p><span style=\"color: #000000;\">Interi\u00e9rov\u00e1 dekorat\u00edvna svie\u010dka.<\/span><\/p>\n<p><span style=\"color: #000000;\">V\u00fdrobca: Peter Pi\u0161\u00e1k &#8211; Apis Original, Bo\u017eeny N\u011bmcovej 51, 990 01 Ve\u013ek\u00fd Krt\u00ed\u0161, Slovensk\u00e1 republika<\/span><\/p>\n<p><span style=\"color: #000000;\">Svie\u010dka m\u00f4\u017ee po dlh\u0161om \u010dase zmeni\u0165 svoj farebn\u00fd odtie\u0148. Skladova\u0165 na suchom mieste bez pr\u00edstupu zdroja tepla.<\/span><\/p>\n<p><span style=\"background-color: #ffff00;\"><strong><span style=\"color: #000000;\">V\u00fdrobok ru\u010dne vyroben\u00fd &#8211; handmade v\u00fdrobok<\/span><\/strong><\/span><\/p>\n<p>\u00a0<\/p>\n<ul>\n<li>POZOR<\/li>\n<li>Horiacu svie\u010dku dr\u017ete mimo dosahu det\u00ed a dom\u00e1cich zvierat<\/li>\n<li>V\u017edy nechajte najmenej 10 cm medzi horiacimi svie\u010dkami<\/li>\n<li>Nezapa\u013eova\u0165 svie\u010dku na predmetoch alebo bl\u00edzko predmetov, ktor\u00e9 sa m\u00f4\u017eu zap\u00e1li\u0165<\/li>\n<\/ul>\n<p style=\"text-align: center;\"><span style=\"color: #0000ff;\"><strong> Pre\u010do pou\u017e\u00edva\u0165 voskov\u00e9 svie\u010dky a nie svie\u010dky z paraf\u00ednu alebo in\u00e9ho materi\u00e1lu?<\/strong><\/span><br \/><span style=\"color: #000000;\"> V\u010del\u00ed vosk je 100% pr\u00edrodn\u00e9 palivo vytvoren\u00e9 v\u010delami.<\/span><br \/><span style=\"color: #000000;\"> Svie\u010dky z vosku horia dlh\u0161ie ako svie\u010dky z in\u00e9ho materi\u00e1lu (paraf\u00ednu a pod.).<\/span><br \/><span style=\"color: #000000;\"> Svie\u010dky z vosku vy\u017earuj\u00fa negat\u00edvne i\u00f3ny, ktor\u00e9 \u010distia vzduch a maj\u00fa priazniv\u00fd vplyv na organizmus a d\u00fdchacie cesty.<\/span><br \/><span style=\"color: #000000;\"> Svie\u010dky z vosku maj\u00fa prirodzen\u00fa v\u00f4\u0148u po mede, propolise, peli a \u00fa\u013eovom priestore.<\/span><br \/><span style=\"color: #000000;\"> Svie\u010dky z v\u010delieho vosku vyd\u00e1vaj\u00fa jasn\u00e9 svetlo, ktor\u00e9 m\u00e1 rovnak\u00e9 sveteln\u00e9 spektrum ako slnko.<\/span><br \/><span style=\"color: #000000;\"> Svie\u010dky z v\u010delieho vosku poch\u00e1dzaj\u00fa z obnovite\u013en\u00fdch zdrojov bez umel\u00fdch farb\u00edv a v\u00f4n\u00ed.<\/span><\/p>\n<p style=\"text-align: left;\"><span style=\"color: #000000;\"><span style=\"color: #000000;\">Po dlh\u0161om \u010dase sa na voskovej svie\u010dke m\u00f4\u017ee objavi\u0165 biely povlak tzv. voskov\u00fd kvet, sta\u010d\u00ed svie\u010dku nahria\u0165 na kr\u00e1tky \u010das f\u00e9nom na vlasy a znova z\u00edska kr\u00e1sny leskl\u00fd povrch.<\/span><\/span><\/p>\n<p style=\"text-align: left;\"><span style=\"color: #000000;\"><span style=\"color: #000000;\"><span style=\"color: #000000;\"><span style=\"color: #000000;\">Jednotkov\u00e1 cena: 1 kg = 42,25 \u20ac<\/span><\/span> <\/span><br \/><\/span><\/p>\n<p style=\"text-align: left;\"><span style=\"color: #000000;\"><span style=\"color: #000000;\"><span style=\"color: #000000;\"><span style=\"color: #000000;\">Hmotnos\u0165 produktu pre v\u00fdpo\u010det ceny dopravy ( vr\u00e1tane baliaceho materi\u00e1lu a pod.) v kg: 0.0600<\/span><\/span><\/span><\/span><\/p>\n<p style=\"text-align: left;\">\u00a0<\/p>\n<p style=\"text-align: left;\">\u00a0<\/p>\n<p style=\"text-align: center;\"><span title=\"\"><span style=\"background-color: #ffff00; color: #000000; font-size: medium;\"><strong><span style=\"font-size: x-large;\">!!!<\/span> <span style=\"font-size: large;\">OCENENIE <span title=\"\"><span style=\"background-color: #ffff00; color: #000000; font-size: medium;\"><strong><span style=\"font-size: x-large;\">!!!<\/span><\/strong><\/span><\/span><br \/>na\u0161ich voskov\u00fdch svie\u010dok na celoslovenskej s\u00fa\u0165a\u017ei <br \/><\/span><\/strong><\/span><\/span><\/p>\n<p style=\"text-align: center;\"><span title=\"\"><span style=\"background-color: #ffff00; color: #000000; font-size: medium;\"><strong><span style=\"font-size: large;\"><span style=\"background-color: #ffffff; color: #000000; font-size: medium;\"><strong><a href=\"ocenenia\" title=\"Ocenenia produktov Apis Original\"><span style=\"text-decoration: underline; font-size: small; color: #008000;\"><strong><span style=\"color: #0000ff; text-decoration: underline;\">(aktualiz\u00e1cia 5\/2024)<\/span><\/strong><\/span><\/a><\/strong><\/span><\/span><\/strong><\/span><\/span><\/p>\n<p style=\"text-align: justify;\">\u00a0<\/p>\n<p style=\"text-align: center;\">\u00a0<span style=\"background-color: #0000ff; color: #0000ff;\"><strong><span style=\"background-color: #ffffff; font-size: small;\"><span style=\"background-color: #0000ff; color: #0000ff;\"><strong><span style=\"background-color: #ffffff; font-size: small;\"><br \/>Na\u0161e voskov\u00e9 svie\u010dky <span style=\"background-color: #0000ff; color: #0000ff;\"><strong><span style=\"background-color: #ffffff; font-size: small;\">z\u00edskal v <span style=\"color: #000000;\">s\u00fa\u0165a\u017ei o najlep\u0161ie voskov\u00e9 svie\u010dky na Slovensku<\/span> v roku 2023 organizovan\u00fd Slovensk\u00fdm zv\u00e4zom v\u010del\u00e1rov (SZV) <span style=\"color: #ff0000; font-size: medium;\">v <\/span><span style=\"background-color: #0000ff; color: #0000ff;\"><strong><span style=\"background-color: #ffffff; font-size: small;\"><span style=\"color: #ff0000; font-size: medium;\">kateg\u00f3rii v\u010del\u00ed vosk 2. miesto a tie\u017e 3. miesto<\/span>, viac info na <a href=\"diplom-za-2-miesto-v-kategorii-vceli-vosk-sutaz-szv-2023\" target=\"_blank\" title=\"Diplom za 2. miesto v kateg\u00f3rii v\u010del\u00ed vosk - s\u00fa\u0165a\u017e SZV 2023\" rel=\"noopener\">linku TU <\/a>a <a href=\"diplom-za-3-miesto-v-kategorii-vceli-vosk-sutaz-szv-2023\" target=\"_blank\" title=\"Diplom za 3. miesto v kateg\u00f3rii v\u010del\u00ed vosk - s\u00fa\u0165a\u017e SZV 2023\" rel=\"noopener\">tie\u017e TU<\/a><\/span><\/strong><\/span><\/span><\/strong><\/span><\/span><\/strong><\/span><\/span><\/strong><\/span><\/p>\n<p style=\"text-align: justify;\">\u00a0<\/p>\n<p style=\"text-align: center;\"><span style=\"background-color: #0000ff; color: #0000ff;\"><strong><span style=\"background-color: #ffffff; font-size: small;\">Na\u0161e voskov\u00e9 svie\u010dky tie\u017e v minulosti z\u00edskali na celoslovensk\u00fdch s\u00fa\u0165a\u017eiach nieko\u013eko ocenen\u00ed, <span style=\"color: #000000;\">v roku 2020<\/span><span style=\"background-color: #0000ff; color: #0000ff;\"><strong><span style=\"background-color: #ffffff; font-size: small;\"><span style=\"color: #ff0000; font-size: medium;\"> 1. aj 2. miesto<\/span>, viac info na <a href=\"diplom-za-2-miesto-v-kategorii-vceli-vosk-sviecky-zo-vcelieho-vosku-bez-ornamentov-sutaz-szv-2020\" target=\"_blank\" rel=\"noopener\">linku TU<\/a> a <a href=\"diplom-za-1-miesto-v-kategorii-vceli-vosk-sviecky-zo-vcelieho-vosku-bez-ornamentov-sutaz-szv-2020\" target=\"_blank\" rel=\"noopener\">tie\u017e TU<\/a>,tie\u017e <span style=\"color: #ff0000; font-size: medium;\">1. aj 2. miesto<\/span>,<span style=\"color: #ff0000; font-size: medium;\"> <span style=\"color: #0000ff; font-size: small;\">viac info na <a href=\"diplom-za-1-miesto-v-kategorii-vceli-vosk-dekorativne-sviecky-zo-vcelieho-vosku-sutaz-szv-2020\" target=\"_blank\" rel=\"noopener\">linku TU<\/a> <span style=\"background-color: #0000ff; color: #0000ff;\"><strong><span style=\"background-color: #ffffff; font-size: small;\"><span style=\"background-color: #0000ff; color: #0000ff;\"><strong><span style=\"background-color: #ffffff; font-size: small;\">a <a href=\"diplom-za-2-miesto-v-kategorii-vceli-vosk-dekorativne-sviecky-zo-vcelieho-vosku-sutaz-szv-2020\" target=\"_blank\" rel=\"noopener\">tie\u017e TU<\/a><\/span><\/strong><\/span><\/span><\/strong><\/span><\/span><\/span>, <span style=\"color: #000000;\">v roku 2021<\/span> <span style=\"color: #ff0000; font-size: medium;\">2. miesto<\/span>, <span style=\"background-color: #0000ff; color: #0000ff;\"><strong><span style=\"background-color: #ffffff; font-size: small;\"><span style=\"background-color: #0000ff; color: #0000ff;\"><strong><span style=\"background-color: #ffffff; font-size: small;\"><span style=\"color: #ff0000; font-size: medium;\"><span style=\"color: #0000ff; font-size: small;\">viac info na <a href=\"diplom-za-2-miesto-v-kategorii-vceli-vosk-sutaz-szv-2021\" target=\"_blank\" rel=\"noopener\">linku TU,<\/a> a <span style=\"background-color: #0000ff; color: #0000ff;\"><strong><span style=\"background-color: #ffffff; font-size: small;\"><span style=\"background-color: #0000ff; color: #0000ff;\"><strong><span style=\"background-color: #ffffff; font-size: small;\"><span style=\"color: #000000;\">v roku 2022<\/span> <span style=\"background-color: #0000ff; color: #0000ff;\"><strong><span style=\"background-color: #ffffff; font-size: small;\"><span style=\"background-color: #0000ff; color: #0000ff;\"><strong><span style=\"background-color: #ffffff; font-size: small;\"><span style=\"color: #ff0000; font-size: medium;\">1. aj 2. miesto<\/span><\/span><\/strong><\/span><\/span><\/strong><\/span>, <span style=\"background-color: #0000ff; color: #0000ff;\"><strong><span style=\"background-color: #ffffff; font-size: small;\"><span style=\"background-color: #0000ff; color: #0000ff;\"><strong><span style=\"background-color: #ffffff; font-size: small;\"><span style=\"color: #ff0000; font-size: medium;\"><span style=\"color: #0000ff; font-size: small;\">viac info na<\/span><\/span><\/span><\/strong><\/span><\/span><\/strong><\/span><\/span><\/strong><\/span><\/span><\/strong><\/span><a href=\"diplom-za-2-miesto-v-kategorii-vceli-vosk-sutaz-szv-2021\" target=\"_blank\" rel=\"noopener\"><span style=\"background-color: #0000ff; color: #0000ff;\"><strong><span style=\"background-color: #ffffff; font-size: small;\"><span style=\"background-color: #0000ff; color: #0000ff;\"><strong><span style=\"background-color: #ffffff; font-size: small;\"><span style=\"background-color: #0000ff; color: #0000ff;\"><strong><span style=\"background-color: #ffffff; font-size: small;\"><span style=\"background-color: #0000ff; color: #0000ff;\"><strong><span style=\"background-color: #ffffff; font-size: small;\"><span style=\"color: #ff0000; font-size: medium;\"><span style=\"color: #0000ff; font-size: small;\">\u00a0<\/span><\/span><\/span><\/strong><\/span><\/span><\/strong><\/span><\/span><\/strong><\/span><\/span><\/strong><\/span><\/a><strong><strong><strong><a href=\"diplom-za-1-miesto-v-kategorii-vceli-vosk-sutaz-szv-2022\" target=\"_blank\" title=\"Diplom za 1. miesto v kateg\u00f3rii v\u010del\u00ed vosk - s\u00fa\u0165a\u017e SZV 2022\" rel=\"noopener\">linku TU <\/a>a <a href=\"diplom-za-2-miesto-v-kategorii-vceli-vosk-sutaz-szv-2022\" target=\"_blank\" title=\"Diplom za 2. miesto v kateg\u00f3rii v\u010del\u00ed vosk - s\u00fa\u0165a\u017e SZV 2022\" rel=\"noopener\">tie\u017e TU<\/a><\/strong><\/strong><\/strong><\/span><\/span><\/span><\/strong><\/span><\/span><\/strong><\/span><\/span><\/strong><\/span><\/span><\/strong><\/span>.<\/p>\n<p style=\"text-align: justify;\">\u00a0<\/p>\n<p style=\"text-align: center;\"><a href=\"download\/vceli_vosk%20_%203_miesto_2023.jpg\" target=\"_blank\" title=\"Diplom za 3. miesto v kateg\u00f3rii v\u010del\u00ed vosk - s\u00fa\u0165a\u017e SZV 2023\" rel=\"noopener\"><img decoding=\"async\" src=\"download\/vceli_vosk%20_%203_miesto_2023.jpg\" border=\"0\" alt=\"Diplom za 3. miesto v kateg\u00f3rii v\u010del\u00ed vosk - s\u00fa\u0165a\u017e SZV 2023\" title=\"Diplom za 3. miesto v kateg\u00f3rii v\u010del\u00ed vosk - s\u00fa\u0165a\u017e SZV 2023\" width=\"260\" height=\"189\" \/><\/a><a href=\"download\/vceli_vosk%20_%202%20miesto_2023.jpg\" target=\"_blank\" title=\"Diplom za 2. miesto v kateg\u00f3rii v\u010del\u00ed vosk - s\u00fa\u0165a\u017e SZV 2023\" rel=\"noopener\"><img decoding=\"async\" src=\"download\/vceli_vosk%20_%202%20miesto_2023.jpg\" border=\"0\" alt=\"Diplom za 2. miesto v kateg\u00f3rii v\u010del\u00ed vosk - s\u00fa\u0165a\u017e SZV 2023\" title=\"Diplom za 2. miesto v kateg\u00f3rii v\u010del\u00ed vosk - s\u00fa\u0165a\u017e SZV 2022\" width=\"260\" height=\"189\" \/><\/a><\/p>\n<p style=\"text-align: center;\"><a href=\"download\/vceli_vosk_1_miesto_trencin_2022.jpg\" target=\"_blank\" title=\"Diplom za 1. miesto v kateg\u00f3rii v\u010del\u00ed vosk - s\u00fa\u0165a\u017e SZV 2022\" rel=\"noopener\"><img decoding=\"async\" src=\"download\/vceli_vosk_1_miesto_trencin_2022.jpg\" border=\"0\" alt=\"Diplom za 1. miesto v kateg\u00f3rii v\u010del\u00ed vosk - s\u00fa\u0165a\u017e SZV 2022\" title=\"Diplom za 1. miesto v kateg\u00f3rii v\u010del\u00ed vosk - s\u00fa\u0165a\u017e SZV 2022\" width=\"200\" height=\"142\" \/><\/a><a href=\"images\/17\/vosk_1_miesto_2020_2.jpg\" target=\"_blank\" title=\"Diplom za 1. miesto v kateg\u00f3rii v\u010del\u00ed vosk, dekorat\u00edvne svie\u010dky zo v\u010delieho vosku v s\u00fa\u0165a\u017ei o najlep\u0161ie voskov\u00e9 svie\u010dky na Slovensku v roku 2020 organizovan\u00fd Slovensk\u00fdm zv\u00e4zom v\u010del\u00e1rov (SZV)\" rel=\"noopener\"><img loading=\"lazy\" decoding=\"async\" src=\"download\/vceli_vosk_2_miesto_trencin_2022.jpg\" border=\"0\" alt=\"Diplom za 2. miesto v kateg\u00f3rii v\u010del\u00ed vosk - s\u00fa\u0165a\u017e SZV 2022\" title=\"Diplom za 2. miesto v kateg\u00f3rii v\u010del\u00ed vosk - s\u00fa\u0165a\u017e SZV 2022\" width=\"200\" height=\"142\" \/><\/a><\/p>\n<p style=\"text-align: center;\"><a href=\"images\/17\/vosk_2_miesto_2020.jpg\" target=\"_blank\" title=\"Diplom za 2. miesto v kateg\u00f3rii v\u010del\u00ed vosk, svie\u010dky zo v\u010delieho vosku bez ornamentov v s\u00fa\u0165a\u017ei o najlep\u0161ie voskov\u00e9 svie\u010dky na Slovensku v roku 2020 organizovan\u00fd Slovensk\u00fdm zv\u00e4zom v\u010del\u00e1rov (SZV)\" rel=\"noopener\"><img loading=\"lazy\" decoding=\"async\" src=\"images\/17\/vosk_2_miesto_2020.jpg\" border=\"0\" width=\"200\" height=\"142\" \/><\/a><a href=\"images\/17\/vosk_2_mieto_2020_2.jpg\" target=\"_blank\" title=\"Diplom za 2. miesto v kateg\u00f3rii v\u010del\u00ed vosk, dekorat\u00edvne svie\u010dky zo v\u010delieho vosku v s\u00fa\u0165a\u017ei o najlep\u0161ie voskov\u00e9 svie\u010dky na Slovensku v roku 2020 organizovan\u00fd Slovensk\u00fdm zv\u00e4zom v\u010del\u00e1rov (SZV)\" rel=\"noopener\"><img loading=\"lazy\" decoding=\"async\" src=\"images\/17\/vosk_2_mieto_2020_2.jpg\" border=\"0\" width=\"200\" height=\"142\" \/><\/a><\/p>\n<p style=\"text-align: center;\"><a href=\"images\/17\/vosk_1_miesto_2020.jpg\" target=\"_blank\" title=\"Diplom za 1. miesto v kateg\u00f3rii v\u010del\u00ed vosk, svie\u010dky zo v\u010delieho vosku bez ornamentov v s\u00fa\u0165a\u017ei o najlep\u0161ie voskov\u00e9 svie\u010dky na Slovensku v roku 2020 organizovan\u00fd Slovensk\u00fdm zv\u00e4zom v\u010del\u00e1rov (SZV)\" rel=\"noopener\"><img loading=\"lazy\" decoding=\"async\" src=\"images\/17\/vosk_1_miesto_2020.jpg\" border=\"0\" width=\"200\" height=\"142\" \/><\/a><a href=\"images\/17\/vosk_1_miesto_2020_2.jpg\" target=\"_blank\" title=\"Diplom za 1. miesto v kateg\u00f3rii v\u010del\u00ed vosk, dekorat\u00edvne svie\u010dky zo v\u010delieho vosku v s\u00fa\u0165a\u017ei o najlep\u0161ie voskov\u00e9 svie\u010dky na Slovensku v roku 2020 organizovan\u00fd Slovensk\u00fdm zv\u00e4zom v\u010del\u00e1rov (SZV)\" rel=\"noopener\"><img loading=\"lazy\" decoding=\"async\" src=\"images\/17\/vosk_1_miesto_2020_2.jpg\" border=\"0\" width=\"200\" height=\"142\" \/><\/a><\/p>\n<p><span style=\"color: #000000;\"><span style=\"color: #000000;\"><a href=\"images\/18\/vosk_2_miesto_2021.jpg\" target=\"_blank\" title=\"Diplom za 2. miesto v kateg\u00f3rii v\u010del\u00ed vosk v s\u00fa\u0165a\u017ei o najlep\u0161ie voskov\u00e9 svie\u010dky na Slovensku v roku 2021 organizovan\u00fd Slovensk\u00fdm zv\u00e4zom v\u010del\u00e1rov (SZV)\" rel=\"noopener\"><img loading=\"lazy\" decoding=\"async\" src=\"images\/18\/vosk_2_miesto_2021.jpg\" border=\"0\" width=\"200\" height=\"142\" style=\"display: block; margin-left: auto; margin-right: auto;\" \/><\/a><\/span><\/span><\/p>\n<p>\u00a0<\/p>\n<p>\u00a0<\/p>\n<p style=\"text-align: left;\">\u00a0<\/p>\n<p style=\"text-align: center;\"><span style=\"color: #000000;\"><a href=\"potvrdenie-o-registracii-na-rvps-vk\" target=\"_blank\" title=\"Potvrdenie o registr\u00e1cii na Region\u00e1lnej veterin\u00e1rnej a potravinovej spr\u00e1vy vo Ve\u013ekom Krt\u00ed\u0161i\" rel=\"noopener\"><span style=\"color: #000000; font-size: small;\"><strong><span style=\"color: #0000ff;\">Potvrdenie o registr\u00e1cii na Region\u00e1lnej veterin\u00e1rnej a potravinovej spr\u00e1ve vo Ve\u013ekom Krt\u00ed\u0161i na predaj medu kone\u010dn\u00e9mu spotrebite\u013eovi n\u00e1jdete na tejto str\u00e1nke tu<\/span><\/strong><\/span><\/a><\/span><\/p>\n","protected":false},"excerpt":{"rendered":"<p>Voskov\u00e1 svie\u010dka &#8211; Tenk\u00e1, zdoben\u00e1 zo 100% pr\u00edrodn\u00e9ho v\u010delieho vosku, vlastnej produkcie a v\u00fdroby. Svie\u010dka je ru\u010dne vyroben\u00e1 rokmi overenou recept\u00farou a technol\u00f3giou priamo v\u010del\u00e1rom. Svie\u010dka obsahuje iba \u010disto pr\u00edrodn\u00fd vosk vyprodukovan\u00fd vlastn\u00fdmi v\u010delami na vlastnej v\u010delnici a bavlnen\u00fd kn\u00f4t. Svie\u010dka neobsahuje \u017eiadnu pr\u00edmes farbiva alebo inej chemik\u00e1lii iba \u010disto 100% pr\u00edrodn\u00fd vosk vyprodukovan\u00fd v\u010delou [&hellip;]<\/p>\n","protected":false},"featured_media":20901,"comment_status":"open","ping_status":"closed","template":"","meta":[],"product_cat":[34,32],"product_tag":[],"class_list":{"0":"post-20945","1":"product","2":"type-product","3":"status-publish","4":"has-post-thumbnail","6":"product_cat-liate-sviecky","7":"product_cat-voskove-sviecky","9":"first","10":"instock","11":"shipping-taxable","12":"purchasable","13":"product-type-simple","14":"add-to-wishlist-after_add_to_cart"},"_links":{"self":[{"href":"https:\/\/skmed.mymon.name\/index.php\/wp-json\/wp\/v2\/product\/20945","targetHints":{"allow":["GET"]}}],"collection":[{"href":"https:\/\/skmed.mymon.name\/index.php\/wp-json\/wp\/v2\/product"}],"about":[{"href":"https:\/\/skmed.mymon.name\/index.php\/wp-json\/wp\/v2\/types\/product"}],"replies":[{"embeddable":true,"href":"https:\/\/skmed.mymon.name\/index.php\/wp-json\/wp\/v2\/comments?post=20945"}],"wp:featuredmedia":[{"embeddable":true,"href":"https:\/\/skmed.mymon.name\/index.php\/wp-json\/wp\/v2\/media\/20901"}],"wp:attachment":[{"href":"https:\/\/skmed.mymon.name\/index.php\/wp-json\/wp\/v2\/media?parent=20945"}],"wp:term":[{"taxonomy":"product_cat","embeddable":true,"href":"https:\/\/skmed.mymon.name\/index.php\/wp-json\/wp\/v2\/product_cat?post=20945"},{"taxonomy":"product_tag","embeddable":true,"href":"https:\/\/skmed.mymon.name\/index.php\/wp-json\/wp\/v2\/product_tag?post=20945"}],"curies":[{"name":"wp","href":"https:\/\/api.w.org\/{rel}","templated":true}]}}