{"id":21031,"date":"2024-08-05T23:24:35","date_gmt":"2024-08-05T21:24:35","guid":{"rendered":"https:\/\/skmed.mymon.name\/index.php\/produkt\/agatovy-vceli-med-950g-klasik\/"},"modified":"2024-08-24T16:21:15","modified_gmt":"2024-08-24T14:21:15","slug":"agatovy-vceli-med-950g-klasik","status":"publish","type":"product","link":"https:\/\/skmed.mymon.name\/index.php\/produkt\/agatovy-vceli-med-950g-klasik\/","title":{"rendered":"Ag\u00e1tov\u00fd v\u010del\u00ed med 950g &#8211; KLASIK"},"content":{"rendered":"<p style=\"text-align: justify;\"><span style=\"color: #000000;\">Slovensk\u00fd\u00a0<span style=\"color: #000000;\">Ag\u00e1tov\u00fd v\u010del\u00ed med<\/span> je kvalitn\u00fd med priamo od v\u010del\u00e1ra, bez ak\u00fdchko\u013evek pr\u00edsad, <span style=\"color: #000000;\">konzervantov<\/span>, farb\u00edv a pod., pred\u00e1vame iba \u010disto pr\u00edrodn\u00fd v\u010del\u00ed med bez akejko\u013evek \u00fapravy, to znamen\u00e1 \u017ee, od n\u00e1s dostanete med priamo z \u00fa\u013ea.<br \/>Viac inform\u00e1ci\u00ed o a<span style=\"color: #000000;\">g\u00e1tovom v\u010de\u013eom mede<\/span> n\u00e1jdete na tomto linku tu<\/span>\u00a0<a href=\"agatovy-med\" target=\"_blank\" title=\"Ag\u00e1tov\u00fd med\" rel=\"noopener\">AG\u00c1TOV\u00dd MED<\/a><\/p>\n<p><span style=\"color: #000000;\">Slovensk\u00fd\u00a0<span style=\"color: #000000;\"><span style=\"color: #000000;\">Ag\u00e1tov\u00fd v\u010del\u00ed med <\/span><\/span><\/span><span style=\"color: #000000;\">poch\u00e1dza z vlastnej produkcie z \u010dist\u00e9ho prostredia na\u0161ich v\u010deln\u00edc ktor\u00e9 sa nach\u00e1dzaj\u00fa na juhu stredn\u00e9ho Slovenska v katastri obci Dolinka, viac inform\u00e1ci\u00ed o na\u0161ich v\u010delniciach n\u00e1jdete na tejto str\u00e1nke tu<\/span> <a href=\"nase-vcelnice\" target=\"_blank\" title=\"Na\u0161e v\u010delnice\" rel=\"noopener\">NA\u0160E V\u010cELNICE<\/a>.<\/p>\n<p style=\"text-align: justify;\"><span style=\"color: #000000;\"><span style=\"color: #000000;\"><span style=\"color: #000000;\"><span style=\"color: #000000;\"><span style=\"color: #000000;\"><span style=\"color: #000000;\"><span style=\"color: #000000;\"><span style=\"color: #000000;\"><span style=\"color: #000000;\">Trad\u00edcia v\u010del\u00e1renia je v na\u0161ej rodine zachovan\u00e1 u\u017e od roku 1944,<\/span><\/span><\/span><\/span><\/span><\/span>\u00a0\u010do pre spotrebite\u013ea zaru\u010duje najvy\u0161\u0161iu kvalitu medu ak\u00fa m\u00f4\u017ee dosta\u0165.<\/span><\/span><\/span><\/p>\n<p style=\"text-align: justify;\"><span style=\"color: #000000;\">Pon\u00fakan\u00fd Slovensk\u00fd med je balen\u00fd v sklenenom poh\u00e1ri objemu 720 mililitrov, \u010dist\u00e1 v\u00e1ha medu v poh\u00e1ri je 950 gramov.<\/span><\/p>\n<p style=\"text-align: justify;\"><span style=\"color: #000000;\"><strong>Med m\u00e1 platn\u00e9 osved\u010denie (povolenie) na pou\u017e\u00edvanie ochrannej zn\u00e1mky Slovensk\u00fd med ktor\u00fa vlastn\u00ed SZV (Slovensk\u00fd zv\u00e4z v\u010del\u00e1rov) &#8211; vi\u010f. foto.<\/strong><\/span><\/p>\n<p style=\"text-align: justify;\">\u00a0<\/p>\n<p style=\"text-align: justify;\">\u00a0<\/p>\n<p style=\"text-align: justify;\"><span style=\"color: #000000;\"><span style=\"color: #000000;\"><strong>Zlo\u017eenie<\/strong>: v\u010del\u00ed med z nekt\u00e1ra kvetov<\/span><\/span><\/p>\n<p style=\"text-align: justify;\"><span style=\"color: #000000;\"><span style=\"color: #000000;\">Skladova\u0165 pri teplote od 10<span class=\"st\">\u00b0C do 25<span class=\"st\">\u00b0C a chr\u00e1ni\u0165 pred priamym slne\u010dn\u00fdm svetlom<\/span><\/span><\/span><\/span><\/p>\n<p style=\"text-align: justify;\"><span style=\"color: #000000;\"><span style=\"color: #000000;\"><span class=\"st\"><span class=\"st\"><span style=\"text-decoration: underline; background-color: #ffffff; color: #0000ff;\"><strong><span class=\"st\"><span class=\"st\">Obsah vody do 18 %<\/span><\/span><\/strong><\/span><\/span><\/span><\/span><\/span><\/p>\n<p style=\"text-align: justify;\"><span style=\"color: #000000;\"><span style=\"color: #000000;\"><span class=\"st\"><span class=\"st\"><strong>Objem obsahu <\/strong>720 ml, <strong>Hmotnos\u0165 obsahu<\/strong> 950 g<\/span><\/span><\/span><\/span><\/p>\n<p style=\"text-align: justify;\"><span style=\"color: #000000;\"><span style=\"color: #000000;\"><span class=\"st\"><span class=\"st\"><strong>V\u00fdrobca:<\/strong> Peter Pi\u0161\u00e1k, Bo\u017eeny N\u011bmcovej 51, 990 01\u00a0 Ve\u013ek\u00fd Krt\u00ed\u0161, Slovensk\u00e1 republika<\/span><\/span><\/span><\/span><\/p>\n<p style=\"text-align: justify;\"><span style=\"color: #000000;\"><span style=\"color: #000000;\"><span class=\"st\"><span class=\"st\"><strong>Priemern\u00e9 v\u00fd\u017eivov\u00e9 \u00fadaje na 100g v\u00fdrobku:<\/strong> energia 1394 kJ\/333 kcal, tuky&lt;0,1g, z toho nas\u00fdten\u00e9 mastn\u00e9 kyseliny 0,01g, sacharidy 81,7g, z toho cukry 80,1g, bielkoviny 0,3g, so\u013e 0,01g.<\/span><\/span><\/span><\/span><\/p>\n<p style=\"text-align: justify;\"><span style=\"color: #000000;\"><span style=\"color: #000000;\"><span class=\"st\"><span class=\"st\"><strong>Krajina p\u00f4vodu:<\/strong> Slovensk\u00e1 republika<\/span><\/span><\/span><\/span><\/p>\n<p style=\"text-align: justify;\">\u00a0<\/p>\n<p style=\"text-align: justify;\"><span style=\"color: #000000;\"><span style=\"color: #000000;\">Jednotkov\u00e1 cena: 1 kg = 9,46 \u20ac<\/span><\/span><\/p>\n<p style=\"text-align: justify;\"><span style=\"color: #000000;\"><span style=\"color: #000000;\">Hmotnos\u0165 produktu pre v\u00fdpo\u010det ceny dopravy ( vr\u00e1tane baliaceho materi\u00e1lu a pod.) v kg: 1.5000<\/span><\/span><\/p>\n<p style=\"text-align: justify;\">\u00a0<\/p>\n<p style=\"text-align: center;\">\u00a0<\/p>\n<p style=\"text-align: center;\"><span title=\"\"><span style=\"background-color: #ffff00; color: #000000; font-size: medium;\"><strong><span style=\"font-size: x-large;\">!!!<\/span> <span style=\"font-size: large;\">OCENENIE <span title=\"\"><span style=\"background-color: #ffff00; color: #000000; font-size: medium;\"><strong><span style=\"font-size: x-large;\">!!!<\/span><\/strong><\/span><\/span><br \/>ag\u00e1tov\u00e9ho v\u010delieho medu na celoslovenskej s\u00fa\u0165a\u017ei\u00a0<\/span><\/strong><\/span><\/span><\/p>\n<p style=\"text-align: center;\"><span style=\"background-color: #ffffff; color: #000000; font-size: medium;\"><strong><a href=\"ocenenia\" title=\"Ocenenia produktov Apis Original\"><span style=\"text-decoration: underline; font-size: small; color: #008000;\"><strong><span style=\"color: #0000ff; text-decoration: underline;\">(aktualiz\u00e1cia 5\/2024)<\/span><\/strong><\/span><\/a><\/strong><\/span><\/p>\n<p style=\"text-align: center;\">\u00a0<span style=\"background-color: #0000ff; color: #0000ff;\"><strong><span style=\"background-color: #ffffff; font-size: small;\"><span style=\"background-color: #0000ff; color: #0000ff;\"><strong><span style=\"background-color: #ffffff; font-size: small;\"><br \/>N\u00e1\u0161 ag\u00e1tov\u00fd v\u010del\u00ed med <span style=\"background-color: #0000ff; color: #0000ff;\"><strong><span style=\"background-color: #ffffff; font-size: small;\">z\u00edskal v <span style=\"color: #000000;\">s\u00fa\u0165a\u017ei o najlep\u0161\u00ed med na Slovensku<\/span> v roku 2023 organizovan\u00fd Slovensk\u00fdm zv\u00e4zom v\u010del\u00e1rov (SZV) <span style=\"color: #ff0000; font-size: medium;\">v <\/span><span style=\"background-color: #0000ff; color: #0000ff;\"><strong><span style=\"background-color: #ffffff; font-size: small;\"><span style=\"color: #ff0000; font-size: medium;\">kateg\u00f3rii ag\u00e1tov\u00fd v\u010del\u00ed med 1. a tie\u017e 2. miesto<\/span>, viac info na <a href=\"diplom-za-1-miesto-v-kategorii-agatovy-vceli-med-sutaz-szv-2023\" target=\"_blank\" title=\"N\u00e1\u0161 ag\u00e1tov\u00fd med sa v roku 2023 v s\u00fa\u0165a\u017ei o najlep\u0161\u00ed ag\u00e1tov\u00fd med na Slovensku umiestnil na 1. mieste\" rel=\"noopener\">linku TU<\/a> a <span style=\"background-color: #0000ff; color: #0000ff;\"><strong><span style=\"background-color: #ffffff; font-size: small;\"><span style=\"background-color: #0000ff; color: #0000ff;\"><strong><span style=\"background-color: #ffffff; font-size: small;\"><span style=\"background-color: #0000ff; color: #0000ff;\"><strong><span style=\"background-color: #ffffff; font-size: small;\"><span style=\"background-color: #0000ff; color: #0000ff;\"><strong><span style=\"background-color: #ffffff; font-size: small;\"><a href=\"diplom-za-2-miesto-v-kategorii-agatovy-vceli-med-sutaz-szv-2023\" target=\"_blank\" title=\"N\u00e1\u0161 ag\u00e1tov\u00fd med sa v roku 2023 v s\u00fa\u0165a\u017ei o najlep\u0161\u00ed ag\u00e1tov\u00fd med na Slovensku umiestnil na 2. mieste\" rel=\"noopener\">linku TU<\/a><\/span><\/strong><\/span><\/span><\/strong><\/span><\/span><\/strong><\/span><\/span><\/strong><\/span><\/span><\/strong><\/span><\/span><\/strong><\/span><\/span><\/strong><\/span><\/span><\/strong><\/span><\/p>\n<p style=\"text-align: center;\"><span style=\"background-color: #0000ff; color: #0000ff;\"><strong><span style=\"background-color: #ffffff; font-size: small;\"><span style=\"background-color: #0000ff; color: #0000ff;\"><strong><span style=\"background-color: #ffffff; font-size: small;\"><span style=\"background-color: #0000ff; color: #0000ff;\"><strong><span style=\"background-color: #ffffff; font-size: small;\"><span style=\"background-color: #0000ff; color: #0000ff;\"><strong><span style=\"background-color: #ffffff; font-size: small;\"><span style=\"background-color: #0000ff; color: #0000ff;\"><strong><span style=\"background-color: #ffffff; font-size: small;\"><span style=\"background-color: #0000ff; color: #0000ff;\"><strong><span style=\"background-color: #ffffff; font-size: small;\">V minulosti tie\u017e n\u00e1\u0161 <span style=\"color: #008000;\">ag\u00e1tov\u00fd v\u010del\u00ed med<\/span> z\u00edskal <span style=\"background-color: #0000ff; color: #0000ff;\"><strong><span style=\"background-color: #ffffff; font-size: small;\"><span style=\"background-color: #0000ff; color: #0000ff;\"><strong><span style=\"background-color: #ffffff; font-size: small;\"><span style=\"background-color: #0000ff; color: #0000ff;\"><strong><span style=\"background-color: #ffffff; font-size: small;\"><span style=\"background-color: #0000ff; color: #0000ff;\"><strong><span style=\"background-color: #ffffff; font-size: small;\"><span style=\"background-color: #0000ff; color: #0000ff;\"><strong><span style=\"background-color: #ffffff; font-size: small;\"><span style=\"background-color: #0000ff; color: #0000ff;\"><strong><span style=\"background-color: #ffffff; font-size: small;\"><span style=\"background-color: #0000ff; color: #0000ff;\"><strong><span style=\"background-color: #ffffff; font-size: small;\">na celoslovenskej s\u00fa\u0165a\u017ei <\/span><\/strong><\/span><\/span><\/strong><\/span><\/span><\/strong><\/span><\/span><\/strong><\/span><\/span><\/strong><\/span><\/span><\/strong><\/span><\/span><\/strong><\/span>v roku 2018 <span style=\"background-color: #0000ff; color: #0000ff;\"><strong><span style=\"background-color: #ffffff; font-size: small;\"><span style=\"background-color: #0000ff; color: #0000ff;\"><strong><span style=\"background-color: #ffffff; font-size: small;\"><span style=\"color: #ff0000; font-size: medium;\">2. miesto<\/span>, viac info na <a href=\"diplom-za-2-miesto-v-kategorii-agatovy-med-agrokomplex-2018\" target=\"_blank\" rel=\"noopener\">linku TU ,<\/a> a v roku 2020 op\u00e4\u0165 <span style=\"color: #ff0000; font-size: medium;\">2 . miesto<\/span> viac info na <a href=\"diplom-za-2-miesto-v-kategorii-agatovy-vceli-med-sutaz-szv-2020\" target=\"_blank\" rel=\"noopener\">linku TU<\/a><\/span><\/strong><\/span><\/span><\/strong><\/span><\/span><\/strong><\/span><\/span><\/strong><\/span><\/span><\/strong><\/span><\/span><\/strong><\/span><\/span><\/strong><\/span><\/span><\/strong><\/span><\/p>\n<p style=\"text-align: center;\">\u00a0<\/p>\n<p style=\"text-align: center;\"><span style=\"background-color: #0000ff; color: #0000ff;\"><strong><span style=\"background-color: #ffffff; font-size: small;\"><span style=\"background-color: #0000ff; color: #0000ff;\"><strong><span style=\"background-color: #ffffff; font-size: small;\"><span style=\"background-color: #0000ff; color: #0000ff;\"><strong><span style=\"background-color: #ffffff; font-size: small;\"><span style=\"background-color: #0000ff; color: #0000ff;\"><strong><span style=\"background-color: #ffffff; font-size: small;\"><a href=\"download\/agat_2_miesto_2023.jpg\" target=\"_blank\" title=\"N\u00e1\u0161 ag\u00e1tov\u00fd med sa v roku 2023 v s\u00fa\u0165a\u017ei o najlep\u0161\u00ed ag\u00e1tov\u00fd med na Slovensku umiestnil na 2. mieste\" rel=\"noopener\"><span style=\"background-color: #0000ff; color: #0000ff;\"><strong><span style=\"background-color: #ffffff; font-size: small;\"><span style=\"background-color: #0000ff; color: #0000ff;\"><strong><span style=\"background-color: #ffffff; font-size: small;\"><img decoding=\"async\" src=\"download\/agat_2_miesto_2023.jpg\" border=\"0\" alt=\"N\u00e1\u0161 ag\u00e1tov\u00fd med sa v roku 2023 v s\u00fa\u0165a\u017ei o najlep\u0161\u00ed ag\u00e1tov\u00fd med na Slovensku umiestnil na 2. mieste\" title=\"N\u00e1\u0161 ag\u00e1tov\u00fd med sa v roku 2023 v s\u00fa\u0165a\u017ei o najlep\u0161\u00ed ag\u00e1tov\u00fd med na Slovensku umiestnil na 2. mieste\" width=\"250\" height=\"182\" \/><\/span><\/strong><\/span><\/span><\/strong><\/span><\/a><strong><strong><strong><a href=\"download\/agat_1_miesto_2023.jpg\" target=\"_blank\" title=\"N\u00e1\u0161 ag\u00e1tov\u00fd med sa v roku 2023 v s\u00fa\u0165a\u017ei o najlep\u0161\u00ed ag\u00e1tov\u00fd med na Slovensku umiestnil na 1. mieste\" rel=\"noopener\"><img decoding=\"async\" src=\"download\/agat_1_miesto_2023.jpg\" border=\"0\" alt=\"N\u00e1\u0161 ag\u00e1tov\u00fd med sa v roku 2023 v s\u00fa\u0165a\u017ei o najlep\u0161\u00ed ag\u00e1tov\u00fd med na Slovensku umiestnil na 1. mieste\" title=\"N\u00e1\u0161 ag\u00e1tov\u00fd med sa v roku 2023 v s\u00fa\u0165a\u017ei o najlep\u0161\u00ed ag\u00e1tov\u00fd med na Slovensku umiestnil na 1. mieste\" width=\"250\" height=\"182\" \/><\/a><\/strong><\/strong><\/strong><\/span><\/strong><\/span><\/span><\/strong><\/span><\/span><\/strong><\/span><\/span><\/strong><\/span><\/p>\n<p style=\"text-align: center;\"><span style=\"background-color: #0000ff; color: #0000ff;\"><strong><span style=\"background-color: #ffffff; font-size: small;\"><span style=\"background-color: #0000ff; color: #0000ff;\"><strong><span style=\"background-color: #ffffff; font-size: small;\"><span style=\"background-color: #0000ff; color: #0000ff;\"><strong><span style=\"background-color: #ffffff; font-size: small;\"><span style=\"background-color: #0000ff; color: #0000ff;\"><strong><span style=\"background-color: #ffffff; font-size: small;\"><a href=\"images\/16\/diplom_2_miesto_agatovy_med_agrokomplex_2018.jpg\" target=\"_blank\" title=\"N\u00e1\u0161 ag\u00e1tov\u00fd med sa v roku 2018 v s\u00fa\u0165a\u017ei o najlep\u0161\u00ed ag\u00e1tov\u00fd med na Slovensku umiestnil na 2. mieste\" rel=\"noopener\"><span style=\"background-color: #0000ff; color: #0000ff;\"><strong><span style=\"background-color: #ffffff; font-size: small;\"><span style=\"background-color: #0000ff; color: #0000ff;\"><strong><span style=\"background-color: #ffffff; font-size: small;\"><img decoding=\"async\" src=\"images\/16\/diplom_2_miesto_agatovy_med_agrokomplex_2018.jpg\" border=\"0\" width=\"230\" \/><\/span><\/strong><\/span><\/span><\/strong><\/span><\/a><strong><strong><strong><a href=\"images\/17\/agatovy_med_2_miesto_2020.jpg\" target=\"_blank\" title=\"Diplom za 2. miesto v kateg\u00f3rii ag\u00e1tov\u00fd med v s\u00fa\u0165a\u017ei o najlep\u0161\u00ed ag\u00e1tov\u00fd med na Slovensku v roku 2020 organizovan\u00fd Slovensk\u00fdm zv\u00e4zom v\u010del\u00e1rov (SZV)\" rel=\"noopener\"><img decoding=\"async\" src=\"images\/17\/agatovy_med_2_miesto_2020.jpg\" border=\"0\" width=\"230\" \/><\/a><\/strong><\/strong><\/strong><\/span><\/strong><\/span><\/span><\/strong><\/span><\/span><\/strong><\/span><\/span><\/strong><\/span><\/p>\n<p style=\"text-align: center;\">&#8212;&#8212;&#8212;&#8212;&#8212;&#8212;&#8212;&#8212;&#8212;&#8212;&#8211;<\/p>\n<p style=\"text-align: center;\"><span style=\"color: #000000;\"><span style=\"color: #000000;\"><span style=\"color: #008000;\"><a href=\"certifikat-na-pouzivanie-znacky-regionalny-produkt-hont\" target=\"_blank\" title=\"Certifik\u00e1t region\u00e1lny produkt HONT - Peter Pi\u0161\u00e1k\" rel=\"noopener\"><span style=\"text-decoration: underline; color: #008000;\"><strong>Sme dr\u017eite\u013eom certifik\u00e1tu pre pou\u017e\u00edvanie zna\u010dky REGION\u00c1LNY PRODUKT HONT pre n\u00e1\u0161 ag\u00e1tov\u00fd v\u010del\u00ed med, m\u00f4\u017eete si ho pozrie\u0165 na linku TU<\/strong><\/span><\/a><\/span><\/span><\/span><\/p>\n<p style=\"text-align: center;\">\u00a0<\/p>\n<p style=\"text-align: center;\">\u00a0&#8212;&#8212;&#8212;&#8212;&#8212;&#8212;&#8212;&#8212;&#8212;&#8212;&#8211;<\/p>\n<p>\u00a0<\/p>\n<p style=\"text-align: center;\"><span style=\"color: #000000;\"><span style=\"color: #000000;\">\u00a0<a href=\"potvrdenie-o-registracii-na-rvps-vk\" target=\"_blank\" title=\"Potvrdenie o registr\u00e1cii na Region\u00e1lnej veterin\u00e1rnej a potravinovej spr\u00e1vy vo Ve\u013ekom Krt\u00ed\u0161i\" rel=\"noopener\"><span style=\"color: #000000; font-size: small;\"><strong><span style=\"color: #0000ff;\">Potvrdenie o registr\u00e1cii na Region\u00e1lnej veterin\u00e1rnej a potravinovej spr\u00e1ve vo Ve\u013ekom Krt\u00ed\u0161i na predaj medu kone\u010dn\u00e9mu spotrebite\u013eovi n\u00e1jdete na tejto str\u00e1nke tu<\/span><\/strong><\/span><\/a><\/span><\/span><\/p>\n<p style=\"text-align: center;\"><span style=\"color: #000000;\"><span style=\"color: #000000;\"><span style=\"color: #000000; font-size: small;\"><strong><span style=\"color: #0000ff;\"><span style=\"color: #000000; font-size: small;\"><strong><span style=\"color: #0000ff;\"><span style=\"color: #0000ff;\"><strong><span style=\"color: #ff9900;\">&#8212;&#8212;&#8212;&#8212;&#8212;&#8212;&#8212;&#8212;&#8212;&#8212;&#8211;<\/span><\/strong><\/span><\/span><\/strong><\/span><\/span><\/strong><\/span><\/span><\/span><\/p>\n<p style=\"text-align: center;\"><span style=\"color: #000000;\"><span style=\"color: #000000;\"><span style=\"color: #000000; font-size: small;\"><strong><span style=\"color: #0000ff;\"><span style=\"color: #000000; font-size: small;\"><strong><span style=\"color: #0000ff;\"><span style=\"color: #0000ff;\"><strong><span style=\"color: #ff9900;\">Aktu\u00e1lne platn\u00e9 osved\u010denie pre ochrann\u00fa zn\u00e1mku Slovensk\u00fd med pre v\u010del\u00e1ra Petra Pi\u0161\u00e1ka si m\u00f4\u017eete pozrie\u0165 na tomto linku tu<\/span> <a href=\"osvedcenie-ochrannej-znamky-slovensky-med\" target=\"_blank\" title=\"Osved\u010denie o akosti medu\" rel=\"noopener\">Osved\u010denie o akosti medu<\/a><\/strong><\/span><\/span><\/strong><\/span><\/span><\/strong><\/span><\/span><\/span><\/p>\n","protected":false},"excerpt":{"rendered":"<p>Slovensk\u00fd\u00a0Ag\u00e1tov\u00fd v\u010del\u00ed med je kvalitn\u00fd med priamo od v\u010del\u00e1ra, bez ak\u00fdchko\u013evek pr\u00edsad, konzervantov, farb\u00edv a pod., pred\u00e1vame iba \u010disto pr\u00edrodn\u00fd v\u010del\u00ed med bez akejko\u013evek \u00fapravy, to znamen\u00e1 \u017ee, od n\u00e1s dostanete med priamo z \u00fa\u013ea.Viac inform\u00e1ci\u00ed o ag\u00e1tovom v\u010de\u013eom mede n\u00e1jdete na tomto linku tu\u00a0AG\u00c1TOV\u00dd MED Slovensk\u00fd\u00a0Ag\u00e1tov\u00fd v\u010del\u00ed med poch\u00e1dza z vlastnej produkcie z \u010dist\u00e9ho [&hellip;]<\/p>\n","protected":false},"featured_media":21013,"comment_status":"open","ping_status":"closed","template":"","meta":[],"product_cat":[17,16],"product_tag":[],"class_list":{"0":"post-21031","1":"product","2":"type-product","3":"status-publish","4":"has-post-thumbnail","6":"product_cat-agatovy-vceli-med","7":"product_cat-vceli-med","8":"product_shipping_class-standard","10":"first","11":"instock","12":"shipping-taxable","13":"purchasable","14":"product-type-simple","15":"add-to-wishlist-after_add_to_cart"},"_links":{"self":[{"href":"https:\/\/skmed.mymon.name\/index.php\/wp-json\/wp\/v2\/product\/21031","targetHints":{"allow":["GET"]}}],"collection":[{"href":"https:\/\/skmed.mymon.name\/index.php\/wp-json\/wp\/v2\/product"}],"about":[{"href":"https:\/\/skmed.mymon.name\/index.php\/wp-json\/wp\/v2\/types\/product"}],"replies":[{"embeddable":true,"href":"https:\/\/skmed.mymon.name\/index.php\/wp-json\/wp\/v2\/comments?post=21031"}],"wp:featuredmedia":[{"embeddable":true,"href":"https:\/\/skmed.mymon.name\/index.php\/wp-json\/wp\/v2\/media\/21013"}],"wp:attachment":[{"href":"https:\/\/skmed.mymon.name\/index.php\/wp-json\/wp\/v2\/media?parent=21031"}],"wp:term":[{"taxonomy":"product_cat","embeddable":true,"href":"https:\/\/skmed.mymon.name\/index.php\/wp-json\/wp\/v2\/product_cat?post=21031"},{"taxonomy":"product_tag","embeddable":true,"href":"https:\/\/skmed.mymon.name\/index.php\/wp-json\/wp\/v2\/product_tag?post=21031"}],"curies":[{"name":"wp","href":"https:\/\/api.w.org\/{rel}","templated":true}]}}