{"id":867,"date":"2024-08-05T09:57:43","date_gmt":"2024-08-05T07:57:43","guid":{"rendered":"https:\/\/skmed.mymon.name\/index.php\/produkt\/medzistienky-prirodne-39x13-5-cm-1-kg\/"},"modified":"2024-08-05T09:57:43","modified_gmt":"2024-08-05T07:57:43","slug":"medzistienky-prirodne-39x13-5-cm-1-kg","status":"publish","type":"product","link":"https:\/\/skmed.mymon.name\/index.php\/produkt\/medzistienky-prirodne-39x13-5-cm-1-kg\/","title":{"rendered":"Medzistienky, pr\u00edrodn\u00e9, 39&#215;13,5 cm &#8211; 1 kg"},"content":{"rendered":"<p style=\"text-align: justify;\"><span style=\"color: #000000;\">Slovensk\u00e9 <span style=\"color: #000000;\">pr\u00edrodn\u00e9 <\/span>medzistienky s\u00fa kvalitn\u00e9 medzistienky vyroben\u00e9 z \u010dist\u00e9ho pr\u00edrodn\u00e9ho vosku priamo od v\u010del\u00e1ra, bez ak\u00fdchko\u013evek pr\u00edsad, <span style=\"color: #000000;\">konzervantov<\/span>, farb\u00edv a pod., pred\u00e1vame iba \u010disto pr\u00edrodn\u00e9 medzistienky z vosku bez akejko\u013evek \u00fapravy (okrem \u010distenia od ne\u010dist\u00f4t), to znamen\u00e1 \u017ee, od n\u00e1s dostanete medzistienky ktor\u00e9 pou\u017e\u00edvame aj pre na\u0161e v\u010dielky a vklad\u00e1me ich do \u00fa\u013ea.<br \/>Viac inform\u00e1ci\u00ed o vosku n\u00e1jdete na tomto linku tu<\/span> <a href=\"vosk\" target=\"_blank\" title=\"Vosk\" rel=\"noopener\">VOSK<\/a><\/p>\n<p><span style=\"color: #000000;\"><span style=\"color: #000000;\">Slovensk\u00e9 <span style=\"color: #000000;\"><span style=\"color: #000000;\">medzistienky s\u00fa vyroben\u00e9 z vosku ktor\u00fd <\/span><\/span><\/span><\/span><span style=\"color: #000000;\">poch\u00e1dza z vlastnej produkcie z \u010dist\u00e9ho prostredia na\u0161ich v\u010deln\u00edc ktor\u00e9 sa nach\u00e1dzaj\u00fa na juhu stredn\u00e9ho Slovenska v katastri obci Dolinka, viac inform\u00e1ci\u00ed o na\u0161ich v\u010delniciach n\u00e1jdete na tejto str\u00e1nke tu<\/span> <a href=\"nase-vcelnice\" target=\"_blank\" title=\"Na\u0161e v\u010delnice\" rel=\"noopener\">NA\u0160E V\u010cELNICE<\/a>.<\/p>\n<p style=\"text-align: justify;\"><span style=\"color: #000000;\"><span style=\"color: #000000;\"><span style=\"color: #000000;\"><span style=\"color: #000000;\"><span style=\"color: #000000;\"><span style=\"color: #000000;\"><span style=\"color: #000000;\"><span style=\"color: #000000;\"><span style=\"color: #000000;\">Trad\u00edcia v\u010del\u00e1renia je v na\u0161ej rodine zachovan\u00e1 u\u017e od roku 1944,<\/span><\/span><\/span><\/span><\/span><\/span> \u010do pre spotrebite\u013ea zaru\u010duje najvy\u0161\u0161iu kvalitu vosku ak\u00fa m\u00f4\u017ee dosta\u0165.<\/span><\/span><\/span><\/p>\n<p style=\"text-align: justify;\"><span style=\"color: #000000;\">Pon\u00fakan\u00e9 Slovensk\u00e9 medzistienky z vosku re\u017eeme na rozmer 39 x 13,5 cm.<\/span><\/p>\n<p style=\"text-align: justify;\"><span style=\"color: #000000;\"><span style=\"color: #000000;\">Jednotkov\u00e1 cena: 1 kg =\u00a018.49 \u20ac<\/span><\/span><\/p>\n<p style=\"text-align: justify;\"><span style=\"color: #000000;\"><span style=\"color: #000000;\">Hmotnos\u0165 produktu pre v\u00fdpo\u010det ceny dopravy ( vr\u00e1tane baliaceho materi\u00e1lu a pod.) v kg: 2.0000<\/span><\/span><\/p>\n<p style=\"text-align: justify;\"><span style=\"text-decoration: underline;\"><strong><span style=\"color: #000000;\"><span style=\"color: #000000; text-decoration: underline;\">1 kg medzistienok 39&#215;13,5 cm = cca 19 ks <span style=\"color: #000000; text-decoration: underline;\"><span style=\"color: #000000; text-decoration: underline;\">medzistienok <\/span><\/span>39 x 13,5 cm.<\/span><\/span><\/strong><\/span><\/p>\n<p style=\"text-align: justify;\">\u00a0<\/p>\n<p style=\"text-align: justify;\">\u00a0<\/p>\n<p style=\"text-align: center;\"><span title=\"\"><span style=\"background-color: #ffff00; color: #000000; font-size: medium;\"><strong><span style=\"font-size: x-large;\">!!!<\/span> <span style=\"font-size: large;\">OCENENIE <span title=\"\"><span style=\"background-color: #ffff00; color: #000000; font-size: medium;\"><strong><span style=\"font-size: x-large;\">!!!<\/span><\/strong><\/span><\/span><br \/>na\u0161ich voskov\u00fdch svie\u010dok na celoslovenskej s\u00fa\u0165a\u017ei <br \/><\/span><\/strong><\/span><\/span><\/p>\n<p style=\"text-align: center;\"><span title=\"\"><span style=\"background-color: #ffff00; color: #000000; font-size: medium;\"><strong><span style=\"font-size: large;\"><span style=\"background-color: #ffffff; color: #000000; font-size: medium;\"><strong><a href=\"ocenenia\" title=\"Ocenenia produktov Apis Original\"><span style=\"text-decoration: underline; font-size: small; color: #008000;\"><strong><span style=\"color: #0000ff; text-decoration: underline;\">(aktualiz\u00e1cia 5\/2024)<\/span><\/strong><\/span><\/a><\/strong><\/span><\/span><\/strong><\/span><\/span><\/p>\n<p style=\"text-align: justify;\">\u00a0<\/p>\n<p style=\"text-align: center;\">\u00a0<span style=\"background-color: #0000ff; color: #0000ff;\"><strong><span style=\"background-color: #ffffff; font-size: small;\"><span style=\"background-color: #0000ff; color: #0000ff;\"><strong><span style=\"background-color: #ffffff; font-size: small;\"><br \/>Na\u0161e voskov\u00e9 svie\u010dky <span style=\"background-color: #0000ff; color: #0000ff;\"><strong><span style=\"background-color: #ffffff; font-size: small;\">z\u00edskal v <span style=\"color: #000000;\">s\u00fa\u0165a\u017ei o najlep\u0161ie voskov\u00e9 svie\u010dky na Slovensku<\/span> v roku 2023 organizovan\u00fd Slovensk\u00fdm zv\u00e4zom v\u010del\u00e1rov (SZV) <span style=\"color: #ff0000; font-size: medium;\">v <\/span><span style=\"background-color: #0000ff; color: #0000ff;\"><strong><span style=\"background-color: #ffffff; font-size: small;\"><span style=\"color: #ff0000; font-size: medium;\">kateg\u00f3rii v\u010del\u00ed vosk 2. miesto a tie\u017e 3. miesto<\/span>, viac info na <a href=\"diplom-za-2-miesto-v-kategorii-vceli-vosk-sutaz-szv-2023\" target=\"_blank\" title=\"Diplom za 2. miesto v kateg\u00f3rii v\u010del\u00ed vosk - s\u00fa\u0165a\u017e SZV 2023\" rel=\"noopener\">linku TU <\/a>a <a href=\"diplom-za-3-miesto-v-kategorii-vceli-vosk-sutaz-szv-2023\" target=\"_blank\" title=\"Diplom za 3. miesto v kateg\u00f3rii v\u010del\u00ed vosk - s\u00fa\u0165a\u017e SZV 2023\" rel=\"noopener\">tie\u017e TU<\/a><\/span><\/strong><\/span><\/span><\/strong><\/span><\/span><\/strong><\/span><\/span><\/strong><\/span><\/p>\n<p style=\"text-align: justify;\">\u00a0<\/p>\n<p style=\"text-align: center;\"><span style=\"background-color: #0000ff; color: #0000ff;\"><strong><span style=\"background-color: #ffffff; font-size: small;\">Na\u0161e voskov\u00e9 svie\u010dky tie\u017e v minulosti z\u00edskali na celoslovensk\u00fdch s\u00fa\u0165a\u017eiach nieko\u013eko ocenen\u00ed, <span style=\"color: #000000;\">v roku 2020<\/span><span style=\"background-color: #0000ff; color: #0000ff;\"><strong><span style=\"background-color: #ffffff; font-size: small;\"><span style=\"color: #ff0000; font-size: medium;\"> 1. aj 2. miesto<\/span>, viac info na <a href=\"diplom-za-2-miesto-v-kategorii-vceli-vosk-sviecky-zo-vcelieho-vosku-bez-ornamentov-sutaz-szv-2020\" target=\"_blank\" rel=\"noopener\">linku TU<\/a> a <a href=\"diplom-za-1-miesto-v-kategorii-vceli-vosk-sviecky-zo-vcelieho-vosku-bez-ornamentov-sutaz-szv-2020\" target=\"_blank\" rel=\"noopener\">tie\u017e TU<\/a>,tie\u017e <span style=\"color: #ff0000; font-size: medium;\">1. aj 2. miesto<\/span>,<span style=\"color: #ff0000; font-size: medium;\"> <span style=\"color: #0000ff; font-size: small;\">viac info na <a href=\"diplom-za-1-miesto-v-kategorii-vceli-vosk-dekorativne-sviecky-zo-vcelieho-vosku-sutaz-szv-2020\" target=\"_blank\" rel=\"noopener\">linku TU<\/a> <span style=\"background-color: #0000ff; color: #0000ff;\"><strong><span style=\"background-color: #ffffff; font-size: small;\"><span style=\"background-color: #0000ff; color: #0000ff;\"><strong><span style=\"background-color: #ffffff; font-size: small;\">a <a href=\"diplom-za-2-miesto-v-kategorii-vceli-vosk-dekorativne-sviecky-zo-vcelieho-vosku-sutaz-szv-2020\" target=\"_blank\" rel=\"noopener\">tie\u017e TU<\/a><\/span><\/strong><\/span><\/span><\/strong><\/span><\/span><\/span>, <span style=\"color: #000000;\">v roku 2021<\/span> <span style=\"color: #ff0000; font-size: medium;\">2. miesto<\/span>, <span style=\"background-color: #0000ff; color: #0000ff;\"><strong><span style=\"background-color: #ffffff; font-size: small;\"><span style=\"background-color: #0000ff; color: #0000ff;\"><strong><span style=\"background-color: #ffffff; font-size: small;\"><span style=\"color: #ff0000; font-size: medium;\"><span style=\"color: #0000ff; font-size: small;\">viac info na <a href=\"diplom-za-2-miesto-v-kategorii-vceli-vosk-sutaz-szv-2021\" target=\"_blank\" rel=\"noopener\">linku TU,<\/a> a <span style=\"background-color: #0000ff; color: #0000ff;\"><strong><span style=\"background-color: #ffffff; font-size: small;\"><span style=\"background-color: #0000ff; color: #0000ff;\"><strong><span style=\"background-color: #ffffff; font-size: small;\"><span style=\"color: #000000;\">v roku 2022<\/span> <span style=\"background-color: #0000ff; color: #0000ff;\"><strong><span style=\"background-color: #ffffff; font-size: small;\"><span style=\"background-color: #0000ff; color: #0000ff;\"><strong><span style=\"background-color: #ffffff; font-size: small;\"><span style=\"color: #ff0000; font-size: medium;\">1. aj 2. miesto<\/span><\/span><\/strong><\/span><\/span><\/strong><\/span>, <span style=\"background-color: #0000ff; color: #0000ff;\"><strong><span style=\"background-color: #ffffff; font-size: small;\"><span style=\"background-color: #0000ff; color: #0000ff;\"><strong><span style=\"background-color: #ffffff; font-size: small;\"><span style=\"color: #ff0000; font-size: medium;\"><span style=\"color: #0000ff; font-size: small;\">viac info na<\/span><\/span><\/span><\/strong><\/span><\/span><\/strong><\/span><\/span><\/strong><\/span><\/span><\/strong><\/span><a href=\"diplom-za-2-miesto-v-kategorii-vceli-vosk-sutaz-szv-2021\" target=\"_blank\" rel=\"noopener\"><span style=\"background-color: #0000ff; color: #0000ff;\"><strong><span style=\"background-color: #ffffff; font-size: small;\"><span style=\"background-color: #0000ff; color: #0000ff;\"><strong><span style=\"background-color: #ffffff; font-size: small;\"><span style=\"background-color: #0000ff; color: #0000ff;\"><strong><span style=\"background-color: #ffffff; font-size: small;\"><span style=\"background-color: #0000ff; color: #0000ff;\"><strong><span style=\"background-color: #ffffff; font-size: small;\"><span style=\"color: #ff0000; font-size: medium;\"><span style=\"color: #0000ff; font-size: small;\">\u00a0<\/span><\/span><\/span><\/strong><\/span><\/span><\/strong><\/span><\/span><\/strong><\/span><\/span><\/strong><\/span><\/a><strong><strong><strong><a href=\"diplom-za-1-miesto-v-kategorii-vceli-vosk-sutaz-szv-2022\" target=\"_blank\" title=\"Diplom za 1. miesto v kateg\u00f3rii v\u010del\u00ed vosk - s\u00fa\u0165a\u017e SZV 2022\" rel=\"noopener\">linku TU <\/a>a <a href=\"diplom-za-2-miesto-v-kategorii-vceli-vosk-sutaz-szv-2022\" target=\"_blank\" title=\"Diplom za 2. miesto v kateg\u00f3rii v\u010del\u00ed vosk - s\u00fa\u0165a\u017e SZV 2022\" rel=\"noopener\">tie\u017e TU<\/a><\/strong><\/strong><\/strong><\/span><\/span><\/span><\/strong><\/span><\/span><\/strong><\/span><\/span><\/strong><\/span><\/span><\/strong><\/span>.<\/p>\n<p style=\"text-align: justify;\">\u00a0<\/p>\n<p style=\"text-align: center;\"><a href=\"download\/vceli_vosk%20_%203_miesto_2023.jpg\" target=\"_blank\" title=\"Diplom za 3. miesto v kateg\u00f3rii v\u010del\u00ed vosk - s\u00fa\u0165a\u017e SZV 2023\" rel=\"noopener\"><img decoding=\"async\" src=\"download\/vceli_vosk%20_%203_miesto_2023.jpg\" border=\"0\" alt=\"Diplom za 3. miesto v kateg\u00f3rii v\u010del\u00ed vosk - s\u00fa\u0165a\u017e SZV 2023\" title=\"Diplom za 3. miesto v kateg\u00f3rii v\u010del\u00ed vosk - s\u00fa\u0165a\u017e SZV 2023\" width=\"260\" height=\"189\" \/><\/a><a href=\"download\/vceli_vosk%20_%202%20miesto_2023.jpg\" target=\"_blank\" title=\"Diplom za 2. miesto v kateg\u00f3rii v\u010del\u00ed vosk - s\u00fa\u0165a\u017e SZV 2023\" rel=\"noopener\"><img decoding=\"async\" src=\"download\/vceli_vosk%20_%202%20miesto_2023.jpg\" border=\"0\" alt=\"Diplom za 2. miesto v kateg\u00f3rii v\u010del\u00ed vosk - s\u00fa\u0165a\u017e SZV 2023\" title=\"Diplom za 2. miesto v kateg\u00f3rii v\u010del\u00ed vosk - s\u00fa\u0165a\u017e SZV 2022\" width=\"260\" height=\"189\" \/><\/a><\/p>\n<p style=\"text-align: center;\"><a href=\"download\/vceli_vosk_1_miesto_trencin_2022.jpg\" target=\"_blank\" title=\"Diplom za 1. miesto v kateg\u00f3rii v\u010del\u00ed vosk - s\u00fa\u0165a\u017e SZV 2022\" rel=\"noopener\"><img decoding=\"async\" src=\"download\/vceli_vosk_1_miesto_trencin_2022.jpg\" border=\"0\" alt=\"Diplom za 1. miesto v kateg\u00f3rii v\u010del\u00ed vosk - s\u00fa\u0165a\u017e SZV 2022\" title=\"Diplom za 1. miesto v kateg\u00f3rii v\u010del\u00ed vosk - s\u00fa\u0165a\u017e SZV 2022\" width=\"200\" height=\"142\" \/><\/a><a href=\"images\/17\/vosk_1_miesto_2020_2.jpg\" target=\"_blank\" title=\"Diplom za 1. miesto v kateg\u00f3rii v\u010del\u00ed vosk, dekorat\u00edvne svie\u010dky zo v\u010delieho vosku v s\u00fa\u0165a\u017ei o najlep\u0161ie voskov\u00e9 svie\u010dky na Slovensku v roku 2020 organizovan\u00fd Slovensk\u00fdm zv\u00e4zom v\u010del\u00e1rov (SZV)\" rel=\"noopener\"><img loading=\"lazy\" decoding=\"async\" src=\"download\/vceli_vosk_2_miesto_trencin_2022.jpg\" border=\"0\" alt=\"Diplom za 2. miesto v kateg\u00f3rii v\u010del\u00ed vosk - s\u00fa\u0165a\u017e SZV 2022\" title=\"Diplom za 2. miesto v kateg\u00f3rii v\u010del\u00ed vosk - s\u00fa\u0165a\u017e SZV 2022\" width=\"200\" height=\"142\" \/><\/a><\/p>\n<p style=\"text-align: center;\"><a href=\"images\/17\/vosk_2_miesto_2020.jpg\" target=\"_blank\" title=\"Diplom za 2. miesto v kateg\u00f3rii v\u010del\u00ed vosk, svie\u010dky zo v\u010delieho vosku bez ornamentov v s\u00fa\u0165a\u017ei o najlep\u0161ie voskov\u00e9 svie\u010dky na Slovensku v roku 2020 organizovan\u00fd Slovensk\u00fdm zv\u00e4zom v\u010del\u00e1rov (SZV)\" rel=\"noopener\"><img loading=\"lazy\" decoding=\"async\" src=\"images\/17\/vosk_2_miesto_2020.jpg\" border=\"0\" width=\"200\" height=\"142\" \/><\/a><a href=\"images\/17\/vosk_2_mieto_2020_2.jpg\" target=\"_blank\" title=\"Diplom za 2. miesto v kateg\u00f3rii v\u010del\u00ed vosk, dekorat\u00edvne svie\u010dky zo v\u010delieho vosku v s\u00fa\u0165a\u017ei o najlep\u0161ie voskov\u00e9 svie\u010dky na Slovensku v roku 2020 organizovan\u00fd Slovensk\u00fdm zv\u00e4zom v\u010del\u00e1rov (SZV)\" rel=\"noopener\"><img loading=\"lazy\" decoding=\"async\" src=\"images\/17\/vosk_2_mieto_2020_2.jpg\" border=\"0\" width=\"200\" height=\"142\" \/><\/a><\/p>\n<p style=\"text-align: center;\"><a href=\"images\/17\/vosk_1_miesto_2020.jpg\" target=\"_blank\" title=\"Diplom za 1. miesto v kateg\u00f3rii v\u010del\u00ed vosk, svie\u010dky zo v\u010delieho vosku bez ornamentov v s\u00fa\u0165a\u017ei o najlep\u0161ie voskov\u00e9 svie\u010dky na Slovensku v roku 2020 organizovan\u00fd Slovensk\u00fdm zv\u00e4zom v\u010del\u00e1rov (SZV)\" rel=\"noopener\"><img loading=\"lazy\" decoding=\"async\" src=\"images\/17\/vosk_1_miesto_2020.jpg\" border=\"0\" width=\"200\" height=\"142\" \/><\/a><a href=\"images\/17\/vosk_1_miesto_2020_2.jpg\" target=\"_blank\" title=\"Diplom za 1. miesto v kateg\u00f3rii v\u010del\u00ed vosk, dekorat\u00edvne svie\u010dky zo v\u010delieho vosku v s\u00fa\u0165a\u017ei o najlep\u0161ie voskov\u00e9 svie\u010dky na Slovensku v roku 2020 organizovan\u00fd Slovensk\u00fdm zv\u00e4zom v\u010del\u00e1rov (SZV)\" rel=\"noopener\"><img loading=\"lazy\" decoding=\"async\" src=\"images\/17\/vosk_1_miesto_2020_2.jpg\" border=\"0\" width=\"200\" height=\"142\" \/><\/a><\/p>\n<p><span style=\"color: #000000;\"><span style=\"color: #000000;\"><a href=\"images\/18\/vosk_2_miesto_2021.jpg\" target=\"_blank\" title=\"Diplom za 2. miesto v kateg\u00f3rii v\u010del\u00ed vosk v s\u00fa\u0165a\u017ei o najlep\u0161ie voskov\u00e9 svie\u010dky na Slovensku v roku 2021 organizovan\u00fd Slovensk\u00fdm zv\u00e4zom v\u010del\u00e1rov (SZV)\" rel=\"noopener\"><img loading=\"lazy\" decoding=\"async\" src=\"images\/18\/vosk_2_miesto_2021.jpg\" border=\"0\" width=\"200\" height=\"142\" style=\"display: block; margin-left: auto; margin-right: auto;\" \/><\/a><\/span><\/span><\/p>\n<p>\u00a0<\/p>\n","protected":false},"excerpt":{"rendered":"<p>Slovensk\u00e9 pr\u00edrodn\u00e9 medzistienky s\u00fa kvalitn\u00e9 medzistienky vyroben\u00e9 z \u010dist\u00e9ho pr\u00edrodn\u00e9ho vosku priamo od v\u010del\u00e1ra, bez ak\u00fdchko\u013evek pr\u00edsad, konzervantov, farb\u00edv a pod., pred\u00e1vame iba \u010disto pr\u00edrodn\u00e9 medzistienky z vosku bez akejko\u013evek \u00fapravy (okrem \u010distenia od ne\u010dist\u00f4t), to znamen\u00e1 \u017ee, od n\u00e1s dostanete medzistienky ktor\u00e9 pou\u017e\u00edvame aj pre na\u0161e v\u010dielky a vklad\u00e1me ich do \u00fa\u013ea.Viac inform\u00e1ci\u00ed o [&hellip;]<\/p>\n","protected":false},"featured_media":847,"comment_status":"open","ping_status":"closed","template":"","meta":[],"product_cat":[31],"product_tag":[],"class_list":{"0":"post-867","1":"product","2":"type-product","3":"status-publish","4":"has-post-thumbnail","6":"product_cat-vceli-vosk","8":"first","9":"instock","10":"shipping-taxable","11":"purchasable","12":"product-type-simple","13":"add-to-wishlist-after_add_to_cart"},"_links":{"self":[{"href":"https:\/\/skmed.mymon.name\/index.php\/wp-json\/wp\/v2\/product\/867","targetHints":{"allow":["GET"]}}],"collection":[{"href":"https:\/\/skmed.mymon.name\/index.php\/wp-json\/wp\/v2\/product"}],"about":[{"href":"https:\/\/skmed.mymon.name\/index.php\/wp-json\/wp\/v2\/types\/product"}],"replies":[{"embeddable":true,"href":"https:\/\/skmed.mymon.name\/index.php\/wp-json\/wp\/v2\/comments?post=867"}],"wp:featuredmedia":[{"embeddable":true,"href":"https:\/\/skmed.mymon.name\/index.php\/wp-json\/wp\/v2\/media\/847"}],"wp:attachment":[{"href":"https:\/\/skmed.mymon.name\/index.php\/wp-json\/wp\/v2\/media?parent=867"}],"wp:term":[{"taxonomy":"product_cat","embeddable":true,"href":"https:\/\/skmed.mymon.name\/index.php\/wp-json\/wp\/v2\/product_cat?post=867"},{"taxonomy":"product_tag","embeddable":true,"href":"https:\/\/skmed.mymon.name\/index.php\/wp-json\/wp\/v2\/product_tag?post=867"}],"curies":[{"name":"wp","href":"https:\/\/api.w.org\/{rel}","templated":true}]}}